{"id":1548,"date":"2017-03-03T02:47:52","date_gmt":"2017-03-03T01:47:52","guid":{"rendered":"http:\/\/www.ilmenau.org\/sites\/?page_id=1548"},"modified":"2017-03-03T12:24:37","modified_gmt":"2017-03-03T11:24:37","slug":"ergo-monitorfuss","status":"publish","type":"page","link":"https:\/\/www.ilmenau.org\/sites\/ergo-monitorfuss\/","title":{"rendered":"Ergo Monitorfu\u00df"},"content":{"rendered":"<h2>Aus einem Monitor einen ergonomischen Monitor machen&#8230; \u00a0und sich wohlf\u00fchlen!<\/h2>\n<ul>\n<li><strong>Verspannungen oder Schmerzen im Nacken?<\/strong><\/li>\n<li><strong>\u00dcber 40 Jahre alt? Beginnende Altersweitsichtigkeit?<\/strong><\/li>\n<li><strong>Gleitsichtbrillentr\u00e4ger?<\/strong><\/li>\n<\/ul>\n<h3>Arbeiten Sie beschwerdefrei, entspannt und konzentriert durch richtige H\u00f6he und richtigen Winkel\u00a0Ihres Monitors!<\/h3>\n<p>&nbsp;<\/p>\n<p><a class=\"lytebox\" href=\"https:\/\/www.ilmenau.org\/sites\/wp-content\/uploads\/2007\/09\/Bildschirmfoto-2017-02-27-um-16.08.55.jpg\"><img loading=\"lazy\" decoding=\"async\" class=\"aligncenter size-medium wp-image-1539\" src=\"https:\/\/www.ilmenau.org\/sites\/wp-content\/uploads\/2007\/09\/Bildschirmfoto-2017-02-27-um-16.08.55-520x523.jpg\" alt=\"ergonomisches Arbeiten\" width=\"520\" height=\"523\" srcset=\"https:\/\/www.ilmenau.org\/sites\/wp-content\/uploads\/2007\/09\/Bildschirmfoto-2017-02-27-um-16.08.55-520x523.jpg 520w, https:\/\/www.ilmenau.org\/sites\/wp-content\/uploads\/2007\/09\/Bildschirmfoto-2017-02-27-um-16.08.55-150x150.jpg 150w, https:\/\/www.ilmenau.org\/sites\/wp-content\/uploads\/2007\/09\/Bildschirmfoto-2017-02-27-um-16.08.55-768x772.jpg 768w, https:\/\/www.ilmenau.org\/sites\/wp-content\/uploads\/2007\/09\/Bildschirmfoto-2017-02-27-um-16.08.55.jpg 793w\" sizes=\"auto, (max-width: 520px) 100vw, 520px\" \/><\/a><\/p>\n<table border=\"1\" width=\"100%\" align=\"center\" bgcolor=\"#dfdfdf\">\n<tbody>\n<tr>\n<td><a class=\"lytebox\" href=\"https:\/\/www.ilmenau.org\/sites\/wp-content\/uploads\/2007\/09\/Ergo_IMG_7706a_neu577.jpg\"><img decoding=\"async\" class=\"aligncenter size-medium wp-image-1541\" src=\"https:\/\/www.ilmenau.org\/sites\/wp-content\/uploads\/2007\/09\/Ergo_IMG_7706a_neu577-520x528.jpg\" alt=\"\" width=\"165\" srcset=\"https:\/\/www.ilmenau.org\/sites\/wp-content\/uploads\/2007\/09\/Ergo_IMG_7706a_neu577-520x528.jpg 520w, https:\/\/www.ilmenau.org\/sites\/wp-content\/uploads\/2007\/09\/Ergo_IMG_7706a_neu577-148x150.jpg 148w, https:\/\/www.ilmenau.org\/sites\/wp-content\/uploads\/2007\/09\/Ergo_IMG_7706a_neu577.jpg 577w\" sizes=\"(max-width: 520px) 100vw, 520px\" \/><\/a><\/td>\n<td><a class=\"lytebox\" href=\"https:\/\/www.ilmenau.org\/sites\/wp-content\/uploads\/2007\/09\/Ergo-monitor-Zack-H210.jpg\"><img decoding=\"async\" class=\"aligncenter size-full wp-image-1540\" src=\"https:\/\/www.ilmenau.org\/sites\/wp-content\/uploads\/2007\/09\/Ergo-monitor-Zack-H210.jpg\" alt=\"\" width=\"165\" srcset=\"https:\/\/www.ilmenau.org\/sites\/wp-content\/uploads\/2007\/09\/Ergo-monitor-Zack-H210.jpg 275w, https:\/\/www.ilmenau.org\/sites\/wp-content\/uploads\/2007\/09\/Ergo-monitor-Zack-H210-150x115.jpg 150w\" sizes=\"(max-width: 275px) 100vw, 275px\" \/><\/a><\/td>\n<td><a class=\"lytebox\" href=\"https:\/\/www.ilmenau.org\/sites\/wp-content\/uploads\/2007\/09\/Ergo_Monitor-von-vorn-neu2-557.jpg\"><img decoding=\"async\" class=\"size-medium wp-image-1542 aligncenter\" src=\"https:\/\/www.ilmenau.org\/sites\/wp-content\/uploads\/2007\/09\/Ergo_Monitor-von-vorn-neu2-557-520x367.jpg\" alt=\"\" width=\"165\" srcset=\"https:\/\/www.ilmenau.org\/sites\/wp-content\/uploads\/2007\/09\/Ergo_Monitor-von-vorn-neu2-557-520x367.jpg 520w, https:\/\/www.ilmenau.org\/sites\/wp-content\/uploads\/2007\/09\/Ergo_Monitor-von-vorn-neu2-557-150x106.jpg 150w, https:\/\/www.ilmenau.org\/sites\/wp-content\/uploads\/2007\/09\/Ergo_Monitor-von-vorn-neu2-557.jpg 557w\" sizes=\"(max-width: 520px) 100vw, 520px\" \/><\/a><\/td>\n<\/tr>\n<\/tbody>\n<\/table>\n<p style=\"text-align: center;\"><span style=\"color: #0000ff;\"><strong>Der ERGO-Fu\u00df ist bei uns erh\u00e4ltlich. Bitte per Mail oder telefonisch anfragen.<\/strong><\/span><\/p>\n<h3>Webseiten mit medizinischen Informationen zum Thema:<\/h3>\n<p><a href=\"http:\/\/www.spiegel.de\/gesundheit\/diagnose\/dissektion-schmerzen-in-schulter-und-nacken-mit-nervenausfaellen-a-896716.html\">Dissektion-Schmerzen-in-Schulter-und-Nacken-mit-Nervenausfaellen<\/a><br \/>\n<a href=\"http:\/\/de.wikipedia.org\/wiki\/Software-Ergonomie\">Software-Ergonomie<\/a><br \/>\n<a href=\"http:\/\/www.ergo-online.de\/site.aspx?url=html\/arbeitsplatz\/hardware\/bildschirmaufstellung.htm\">Bildschirmaufstellung<\/a><\/p>\n<p><strong>Dr. Ing. Wolfang Jaschinski.<br \/>\nLeibniz-Institut f\u00fcr Arbeitsforschung an der Universit\u00e4t Dortmund:<\/strong><\/p>\n<p><b>Downloads<\/b><br \/>\n<a href=\"http:\/\/www.stemmlerdisplaygroup.de\/getasset.php?asid=1361\">Meinert_K\u00f6nig_Jaschinski_Ergonomics_2013.pdf<\/a><img decoding=\"async\" src=\"https:\/\/www.stemmlerdisplaygroup.de\/images\/blind.gif\" \/><br \/>\n<a href=\"http:\/\/www.stemmlerdisplaygroup.de\/getasset.php?asid=1362\">Masseida_etal_2013_Blickneigung.pdf<\/a><img decoding=\"async\" src=\"https:\/\/www.stemmlerdisplaygroup.de\/images\/blind.gif\" \/><br \/>\n<a href=\"http:\/\/www.stemmlerdisplaygroup.de\/getasset.php?asid=1360\">Masseida_etal_2013_Kopfneigung.pdf<\/a><img decoding=\"async\" src=\"https:\/\/www.stemmlerdisplaygroup.de\/images\/blind.gif\" \/><br \/>\n<a href=\"http:\/\/www.stemmlerdisplaygroup.de\/getasset.php?asid=1364\">K\u00f6nig_Jaschinski_DOZ_2011.pdf<\/a><img decoding=\"async\" src=\"https:\/\/www.stemmlerdisplaygroup.de\/images\/blind.gif\" \/><br \/>\n<a href=\"http:\/\/www.stemmlerdisplaygroup.de\/getasset.php?asid=1363\">GFA_2012_K\u00f6nig.pdf<\/a><br \/>\n<a href=\"http:\/\/www.spiegel.de\/gesundheit\/diagnose\/dissektion-schmerzen-in-schulter-und-nacken-mit-nervenausfaellen-a-896716.html\">\u00a0<\/a><\/p>\n","protected":false},"excerpt":{"rendered":"<p>Aus einem Monitor einen ergonomischen Monitor machen&#8230; \u00a0und sich wohlf\u00fchlen! Verspannungen oder Schmerzen im Nacken? \u00dcber 40 Jahre alt? Beginnende Altersweitsichtigkeit? Gleitsichtbrillentr\u00e4ger? Arbeiten Sie beschwerdefrei, entspannt und konzentriert durch richtige H\u00f6he und richtigen Winkel\u00a0Ihres Monitors! &nbsp; Der ERGO-Fu\u00df ist bei uns erh\u00e4ltlich. Bitte per Mail oder telefonisch anfragen. Webseiten mit medizinischen Informationen zum Thema: Dissektion-Schmerzen-in-Schulter-und-Nacken-mit-Nervenausfaellen [&hellip;]<\/p>\n","protected":false},"author":1,"featured_media":0,"parent":0,"menu_order":0,"comment_status":"closed","ping_status":"closed","template":"","meta":{"footnotes":""},"class_list":["post-1548","page","type-page","status-publish","hentry"],"_links":{"self":[{"href":"https:\/\/www.ilmenau.org\/sites\/wp-json\/wp\/v2\/pages\/1548","targetHints":{"allow":["GET"]}}],"collection":[{"href":"https:\/\/www.ilmenau.org\/sites\/wp-json\/wp\/v2\/pages"}],"about":[{"href":"https:\/\/www.ilmenau.org\/sites\/wp-json\/wp\/v2\/types\/page"}],"author":[{"embeddable":true,"href":"https:\/\/www.ilmenau.org\/sites\/wp-json\/wp\/v2\/users\/1"}],"replies":[{"embeddable":true,"href":"https:\/\/www.ilmenau.org\/sites\/wp-json\/wp\/v2\/comments?post=1548"}],"version-history":[{"count":7,"href":"https:\/\/www.ilmenau.org\/sites\/wp-json\/wp\/v2\/pages\/1548\/revisions"}],"predecessor-version":[{"id":1571,"href":"https:\/\/www.ilmenau.org\/sites\/wp-json\/wp\/v2\/pages\/1548\/revisions\/1571"}],"wp:attachment":[{"href":"https:\/\/www.ilmenau.org\/sites\/wp-json\/wp\/v2\/media?parent=1548"}],"curies":[{"name":"wp","href":"https:\/\/api.w.org\/{rel}","templated":true}]}}