{"id":15,"date":"2007-09-18T00:23:10","date_gmt":"2007-09-17T22:23:10","guid":{"rendered":"http:\/\/www.ilmenau.org\/wordpress\/?page_id=15"},"modified":"2010-05-03T00:49:21","modified_gmt":"2010-05-02T22:49:21","slug":"mytm","status":"publish","type":"page","link":"https:\/\/www.ilmenau.org\/sites\/willkommen\/turbomed-leistungsbeschreibung\/mytm\/","title":{"rendered":"myTM"},"content":{"rendered":"<ul>\n<li>Gestalten Sie Ihr TurboMed ganz individuell!<\/li>\n<li>Entfernen Sie f\u00fcr Ihre Arbeit \u00fcberfl\u00fcssige Men\u00fcpunkte<\/li>\n<li>Entwerfen Sie neue Men\u00fcpunkte<\/li>\n<\/ul>\n<p>Ein Praxisprogramm mit genau den Eigenschaften, die man sich w\u00fcnscht? Nichts \u00dcberfl\u00fcssiges, sondern nur genau das, was man will? Hier bietet sich TurboMed an, weil das Programm aufgrund seines wahrhaft riesigen Funktionsumfanges eine Editierfunktion f\u00fcr die Men\u00fcs beinhaltet, mit der Sie alle nicht ben\u00f6tigten Men\u00fcpunkte und Symbole in Windeseile entfernen k\u00f6nnen oder an andere Stellen verschieben k\u00f6nnen. Sie k\u00f6nnen mit dieser Funktion auch ganz neue, individuelle Men\u00fcs erstellen: grenzenlose Flexibilit\u00e4t&#8230;wir nennen dieses Werkzeug zum Individualisieren von TurboMed ,<strong><span style=\"color: #ff0000;\">myTM<\/span>&#8218; &#8211; mein TurboMed<\/strong><\/p>\n<p>Mit <span style=\"color: #ff0000;\"><strong>myTM<\/strong> <\/span>ist in TurboMed eine Freiheit eingezogen, die es so in der Praxisverwaltung noch nicht gab.<br \/>\nMit nur wenigen Mausklicks k\u00f6nnen Sie sich ein ganz individuelles, \u201eeigenes\u201c TurboMed zusammenstellen. In einem besonderen Programmbereich werden Ihnen alle Men\u00fcpunkte und Symbolleisten angezeigt. Hier k\u00f6nnen Sie jeden einzelnen Men\u00fcpunkt oder auch ein ganzes Men\u00fc mit der Maus \u201eanfassen\u201c und an eine f\u00fcr sie optimale Position auf dem Bildschirm verschieben oder gar l\u00f6schen. So erstellen Sie sich ganz einfach eine individuelle, an Ihre Praxis-Anforderungen angepasste TurboMed-Oberfl\u00e4che.<\/p>\n<p style=\"text-align: center;\"><img decoding=\"async\" src=\"..\/..\/..\/images\/myTM.gif\" border=\"0\" alt=\"\" \/><\/p>\n<p>Jeder Arbeitsplatz, ja sogar jeder Mitarbeiter einer Praxis, kann mit <strong><span style=\"color: #ff0000;\">myTM<\/span><\/strong> den Bildschirminhalt optimal nach seinen Bed\u00fcrfnissen ausstatten!<br \/>\nDabei werden weder der Leistungsumfang noch die Funktionsvielfalt von TurboMed eingeschr\u00e4nkt, denn alle \u00c4nderungen k\u00f6nnen nat\u00fcrlich r\u00fcckg\u00e4ngig gemacht werden! Hier ein Auszug aus einem TurboMed-Merkzettel:<\/p>\n<p style=\"text-align: center;\"><img decoding=\"async\" src=\"..\/..\/..\/images\/myTMBild.jpg\" border=\"0\" alt=\"\" \/><\/p>\n","protected":false},"excerpt":{"rendered":"<p>Gestalten Sie Ihr TurboMed ganz individuell! Entfernen Sie f\u00fcr Ihre Arbeit \u00fcberfl\u00fcssige Men\u00fcpunkte Entwerfen Sie neue Men\u00fcpunkte Ein Praxisprogramm mit genau den Eigenschaften, die man sich w\u00fcnscht? Nichts \u00dcberfl\u00fcssiges, sondern nur genau das, was man will? Hier bietet sich TurboMed an, weil das Programm aufgrund seines wahrhaft riesigen Funktionsumfanges eine Editierfunktion f\u00fcr die Men\u00fcs beinhaltet, [&hellip;]<\/p>\n","protected":false},"author":1,"featured_media":0,"parent":285,"menu_order":12,"comment_status":"closed","ping_status":"closed","template":"","meta":{"footnotes":""},"class_list":["post-15","page","type-page","status-publish","hentry"],"_links":{"self":[{"href":"https:\/\/www.ilmenau.org\/sites\/wp-json\/wp\/v2\/pages\/15","targetHints":{"allow":["GET"]}}],"collection":[{"href":"https:\/\/www.ilmenau.org\/sites\/wp-json\/wp\/v2\/pages"}],"about":[{"href":"https:\/\/www.ilmenau.org\/sites\/wp-json\/wp\/v2\/types\/page"}],"author":[{"embeddable":true,"href":"https:\/\/www.ilmenau.org\/sites\/wp-json\/wp\/v2\/users\/1"}],"replies":[{"embeddable":true,"href":"https:\/\/www.ilmenau.org\/sites\/wp-json\/wp\/v2\/comments?post=15"}],"version-history":[{"count":3,"href":"https:\/\/www.ilmenau.org\/sites\/wp-json\/wp\/v2\/pages\/15\/revisions"}],"predecessor-version":[{"id":1090,"href":"https:\/\/www.ilmenau.org\/sites\/wp-json\/wp\/v2\/pages\/15\/revisions\/1090"}],"up":[{"embeddable":true,"href":"https:\/\/www.ilmenau.org\/sites\/wp-json\/wp\/v2\/pages\/285"}],"wp:attachment":[{"href":"https:\/\/www.ilmenau.org\/sites\/wp-json\/wp\/v2\/media?parent=15"}],"curies":[{"name":"wp","href":"https:\/\/api.w.org\/{rel}","templated":true}]}}