{"id":13,"date":"2007-09-18T00:22:18","date_gmt":"2007-09-17T22:22:18","guid":{"rendered":"http:\/\/www.ilmenau.org\/wordpress\/?page_id=13"},"modified":"2012-04-05T23:51:23","modified_gmt":"2012-04-05T22:51:23","slug":"bonusmalus","status":"publish","type":"page","link":"https:\/\/www.ilmenau.org\/sites\/willkommen\/turbomed-leistungsbeschreibung\/bonusmalus\/","title":{"rendered":"Bonus\/Malus &#8230;"},"content":{"rendered":"<h2>&#8230; mit TurboMed immer auf der sicheren Seite!<\/h2>\n<p>Das Thema Bonus\/Malus wird in diesen Tagen in der Presse thematisiert und lebhaft diskutiert &#8211; dabei ist es mit TurboMed gar kein &#8222;Thema&#8220; mehr!<\/p>\n<p>TurboMed hat die Bonus\/Malus-Anforderungen gem\u00e4\u00df des AVWG gewohnt praxisnah und in TurboMed integriert umgesetzt. Die Bonus\/Malus-Umsetzung wird mit dem Update 2\/2007 in den TurboMed-Praxen aufpreisfrei installiert und steht allen Anwendern ohne weiteren Aufwand oder Zuarbeit sofort zur Verf\u00fcgung.!<\/p>\n<p>In der &#8222;Eigene Liste Medikamente&#8220; in TurboMed werden die entsprechenden Pr\u00e4parate aus den Wirkstoffgruppen mit deutlichen Kennzeichen versehen. So erkennen Sie auf den ersten Blick, ob das von Ihnen gew\u00fcnschte Pr\u00e4parat den Vorgaben der f\u00fcr Sie jeweilig zust\u00e4ndigen KV entspricht.<\/p>\n<p>Dabei beachtet TurboMed automatisch die regional individuellen KV-Vorgaben. Anhand der in Ihrer Lizenz hinterlegten KV-Nummer identifiziert TurboMed &#8211; ganz ohne Ihr Zutun &#8211; die zust\u00e4ndige KV und verwendet damit nur die f\u00fcr Sie geltenden Vertr\u00e4ge!<\/p>\n<p style=\"text-align: center;\"><a href=\"https:\/\/www.ilmenau.org\/sites\/wp-content\/uploads\/2007\/09\/bm_eigeneliste.jpg\"><img decoding=\"async\" class=\"aligncenter  wp-image-894\" title=\"bm_eigeneliste\" src=\"https:\/\/www.ilmenau.org\/sites\/wp-content\/uploads\/2007\/09\/bm_eigeneliste.jpg\" alt=\"\" width=\"520\" srcset=\"https:\/\/www.ilmenau.org\/sites\/wp-content\/uploads\/2007\/09\/bm_eigeneliste.jpg 550w, https:\/\/www.ilmenau.org\/sites\/wp-content\/uploads\/2007\/09\/bm_eigeneliste-300x127.jpg 300w\" sizes=\"(max-width: 550px) 100vw, 550px\" \/><\/a><\/p>\n<p>Die Angaben zum Bonus\/-Malus-Status der jeweiligen Pr\u00e4parate liefert <strong>i:bonus<\/strong>, ein neues Modul der ifap GmbH, welches kostenfrei mit den TurboMed-Updates ausgeliefert wird. So sind Sie sofort und komfortabel im Bilde!<\/p>\n<p>Auch die in der &#8222;Vor-Bonus\/Malus-Zeit&#8220; verordneten Pr\u00e4parate werden bei der Wiederverordnung auf dem ge\u00f6ffneten Rezept entsprechend markiert. Sie k\u00f6nnen so direkt in den i:bonus wechseln um bspw. eine andere Darreichungsform zu w\u00e4hlen.<\/p>\n<p style=\"text-align: center;\"><a href=\"https:\/\/www.ilmenau.org\/sites\/wp-content\/uploads\/2007\/09\/bm_rezept.jpg\"><img decoding=\"async\" class=\"aligncenter  wp-image-895\" title=\"bm_rezept\" src=\"https:\/\/www.ilmenau.org\/sites\/wp-content\/uploads\/2007\/09\/bm_rezept.jpg\" alt=\"\" width=\"520\" srcset=\"https:\/\/www.ilmenau.org\/sites\/wp-content\/uploads\/2007\/09\/bm_rezept.jpg 550w, https:\/\/www.ilmenau.org\/sites\/wp-content\/uploads\/2007\/09\/bm_rezept-300x202.jpg 300w\" sizes=\"(max-width: 550px) 100vw, 550px\" \/><\/a><\/p>\n<p>Eine entsprechende Bonus\/-Malus-Statistik ist ebenfalls in TurboMed integiert. Hier sehen Sie genau, wie Sie in Ihren Verordnungen stehen &#8211; und zwar getrennt nach DDD-Kosten und Leitsubstanz bzw. Generika und &#8218;MeToo&#8216;-Pr\u00e4paraten!<\/p>\n","protected":false},"excerpt":{"rendered":"<p>&#8230; mit TurboMed immer auf der sicheren Seite! Das Thema Bonus\/Malus wird in diesen Tagen in der Presse thematisiert und lebhaft diskutiert &#8211; dabei ist es mit TurboMed gar kein &#8222;Thema&#8220; mehr! TurboMed hat die Bonus\/Malus-Anforderungen gem\u00e4\u00df des AVWG gewohnt praxisnah und in TurboMed integriert umgesetzt. Die Bonus\/Malus-Umsetzung wird mit dem Update 2\/2007 in den [&hellip;]<\/p>\n","protected":false},"author":1,"featured_media":0,"parent":285,"menu_order":9,"comment_status":"closed","ping_status":"closed","template":"","meta":{"footnotes":""},"class_list":["post-13","page","type-page","status-publish","hentry"],"_links":{"self":[{"href":"https:\/\/www.ilmenau.org\/sites\/wp-json\/wp\/v2\/pages\/13","targetHints":{"allow":["GET"]}}],"collection":[{"href":"https:\/\/www.ilmenau.org\/sites\/wp-json\/wp\/v2\/pages"}],"about":[{"href":"https:\/\/www.ilmenau.org\/sites\/wp-json\/wp\/v2\/types\/page"}],"author":[{"embeddable":true,"href":"https:\/\/www.ilmenau.org\/sites\/wp-json\/wp\/v2\/users\/1"}],"replies":[{"embeddable":true,"href":"https:\/\/www.ilmenau.org\/sites\/wp-json\/wp\/v2\/comments?post=13"}],"version-history":[{"count":3,"href":"https:\/\/www.ilmenau.org\/sites\/wp-json\/wp\/v2\/pages\/13\/revisions"}],"predecessor-version":[{"id":897,"href":"https:\/\/www.ilmenau.org\/sites\/wp-json\/wp\/v2\/pages\/13\/revisions\/897"}],"up":[{"embeddable":true,"href":"https:\/\/www.ilmenau.org\/sites\/wp-json\/wp\/v2\/pages\/285"}],"wp:attachment":[{"href":"https:\/\/www.ilmenau.org\/sites\/wp-json\/wp\/v2\/media?parent=13"}],"curies":[{"name":"wp","href":"https:\/\/api.w.org\/{rel}","templated":true}]}}