{"id":1296,"date":"2014-09-01T23:33:00","date_gmt":"2014-09-01T22:33:00","guid":{"rendered":"http:\/\/www.ilmenau.org\/sites\/?page_id=1296"},"modified":"2022-05-01T23:29:59","modified_gmt":"2022-05-01T22:29:59","slug":"neu-hochleistungsclient-im-miniformat","status":"publish","type":"page","link":"https:\/\/www.ilmenau.org\/sites\/neu-hochleistungsclient-im-miniformat\/","title":{"rendered":"Neu!! Hochleistungsclient im Miniformat"},"content":{"rendered":"<h4><span style=\"font-family: 'times new roman', times, serif;\">Kein Platz auf oder unter dem Schreibtisch oder im Labor \/ EKG? Hier ist die L\u00f6sung. Das LENOVO Thinkcenter Nano! Ein Hochleistungscomputer im Miniformat. Vorg\u00e4nger PC k\u00f6nnen in den meisten F\u00e4llen komplett portiert werden!<\/span><\/h4>\n<p>&nbsp;<\/p>\n<p><a href=\"https:\/\/www.ilmenau.org\/sites\/wp-content\/uploads\/2021\/12\/cam43163_1_1-Kopie.jpg\"><img loading=\"lazy\" decoding=\"async\" class=\"aligncenter wp-image-2109 size-medium\" src=\"https:\/\/www.ilmenau.org\/sites\/wp-content\/uploads\/2021\/12\/cam43163_1_1-Kopie-520x191.jpg\" alt=\"\" width=\"520\" height=\"191\" srcset=\"https:\/\/www.ilmenau.org\/sites\/wp-content\/uploads\/2021\/12\/cam43163_1_1-Kopie-520x191.jpg 520w, https:\/\/www.ilmenau.org\/sites\/wp-content\/uploads\/2021\/12\/cam43163_1_1-Kopie-150x55.jpg 150w, https:\/\/www.ilmenau.org\/sites\/wp-content\/uploads\/2021\/12\/cam43163_1_1-Kopie.jpg 640w\" sizes=\"auto, (max-width: 520px) 100vw, 520px\" \/><\/a> <a href=\"https:\/\/www.ilmenau.org\/sites\/wp-content\/uploads\/2021\/12\/cam43163_2_2-1.jpg\"><img loading=\"lazy\" decoding=\"async\" class=\"aligncenter wp-image-2110 size-medium\" src=\"https:\/\/www.ilmenau.org\/sites\/wp-content\/uploads\/2021\/12\/cam43163_2_2-1-520x136.jpg\" alt=\"\" width=\"520\" height=\"136\" srcset=\"https:\/\/www.ilmenau.org\/sites\/wp-content\/uploads\/2021\/12\/cam43163_2_2-1-520x136.jpg 520w, https:\/\/www.ilmenau.org\/sites\/wp-content\/uploads\/2021\/12\/cam43163_2_2-1-150x39.jpg 150w, https:\/\/www.ilmenau.org\/sites\/wp-content\/uploads\/2021\/12\/cam43163_2_2-1-768x201.jpg 768w, https:\/\/www.ilmenau.org\/sites\/wp-content\/uploads\/2021\/12\/cam43163_2_2-1.jpg 800w\" sizes=\"auto, (max-width: 520px) 100vw, 520px\" \/><\/a> <a href=\"https:\/\/www.ilmenau.org\/sites\/wp-content\/uploads\/2021\/12\/cam43163_3_3.jpg\"><img loading=\"lazy\" decoding=\"async\" class=\"aligncenter wp-image-2111 size-medium\" src=\"https:\/\/www.ilmenau.org\/sites\/wp-content\/uploads\/2021\/12\/cam43163_3_3-520x200.jpg\" alt=\"\" width=\"520\" height=\"200\" srcset=\"https:\/\/www.ilmenau.org\/sites\/wp-content\/uploads\/2021\/12\/cam43163_3_3-520x200.jpg 520w, https:\/\/www.ilmenau.org\/sites\/wp-content\/uploads\/2021\/12\/cam43163_3_3-150x58.jpg 150w, https:\/\/www.ilmenau.org\/sites\/wp-content\/uploads\/2021\/12\/cam43163_3_3.jpg 640w\" sizes=\"auto, (max-width: 520px) 100vw, 520px\" \/><\/a><\/p>\n<h2><span style=\"font-size: 18pt;\"><strong>Personal-Computer &#8211; Thinkcenter Nano<\/strong><\/span><\/h2>\n<ul>\n<li><span style=\"color: #000000;\">Plattform-Technologie: Intel vPro Platform<\/span><\/li>\n<li><span style=\"color: #000000;\">Lokalisierung: Sprache: Deutsch \/ Region: Deutschland<\/span><\/li>\n<li><span style=\"color: #000000;\">Prozessor: Intel Core i5 (8. Gen.) 8365U \/ 1.6 GHz (4.1 GHz) (Quad-Core)<\/span><\/li>\n<li><span style=\"color: #000000;\">Cache-Speicher: 6 MB<\/span><\/li>\n<li><span style=\"color: #000000;\">Cache pro Prozessor: 6 MB<\/span><\/li>\n<li><span style=\"color: #000000;\">RAM: 8 GB DDR4 SDRAM &#8211; non-ECC<\/span><\/li>\n<li><span style=\"color: #000000;\">Festplatte: SSD 256 GB &#8211; PCI Express 3.0 x4 &#8211; M.2 2280 &#8211; TCG Opal Encryption, NVM Express (NVMe). Auf Wunsch bis 1TB lieferbar.<\/span><\/li>\n<li><span style=\"color: #000000;\">Grafik-Controller: Intel UHD Graphics Shared Video Memory (UMA)<\/span><\/li>\n<li><span style=\"color: #000000;\">Monitoranschlu\u00df \u00fcber Displayport<\/span><\/li>\n<li>Integrierter Lautsprecher<\/li>\n<li><span style=\"color: #000000;\">Netzwerk: GigE, 802.11a, 802.11b\/g\/n, 802.11ac, Bluetooth 5.0<\/span><\/li>\n<li><span style=\"color: #000000;\">Tastatur: Deutsch<\/span><\/li>\n<li><span style=\"color: #000000;\">Bereitgestelltes Betriebssystem: Windows 10 Pro 64-Bit-Version<\/span><\/li>\n<li><span style=\"color: #000000;\">Abmessungen (Breite x Tiefe x H\u00f6he): 17.9 cm x 8.8 cm x 3.45 cm<\/span><\/li>\n<li><span style=\"color: #000000;\">Umweltschutzstandards: ENERGY STAR-qualifiziert EPEAT Silver<\/span><\/li>\n<li>Auf Wunsch mit installiertem TurboMed und MS-Office<\/li>\n<li>5G Erweiterung m\u00f6glich<\/li>\n<\/ul>\n<p style=\"text-align: center;\"><span style=\"font-size: 14pt;\"><strong>Anfragen bitte per <a href=\"https:\/\/www.ilmenau.org\/sites\/?page_id=29\">Mail<\/a><\/strong>.<\/span><\/p>\n","protected":false},"excerpt":{"rendered":"<p>Kein Platz auf oder unter dem Schreibtisch oder im Labor \/ EKG? Hier ist die L\u00f6sung. Das LENOVO Thinkcenter Nano! Ein Hochleistungscomputer im Miniformat. Vorg\u00e4nger PC k\u00f6nnen in den meisten F\u00e4llen komplett portiert werden! &nbsp; Personal-Computer &#8211; Thinkcenter Nano Plattform-Technologie: Intel vPro Platform Lokalisierung: Sprache: Deutsch \/ Region: Deutschland Prozessor: Intel Core i5 (8. Gen.) [&hellip;]<\/p>\n","protected":false},"author":1,"featured_media":0,"parent":0,"menu_order":0,"comment_status":"closed","ping_status":"closed","template":"","meta":{"footnotes":""},"class_list":["post-1296","page","type-page","status-publish","hentry"],"_links":{"self":[{"href":"https:\/\/www.ilmenau.org\/sites\/wp-json\/wp\/v2\/pages\/1296","targetHints":{"allow":["GET"]}}],"collection":[{"href":"https:\/\/www.ilmenau.org\/sites\/wp-json\/wp\/v2\/pages"}],"about":[{"href":"https:\/\/www.ilmenau.org\/sites\/wp-json\/wp\/v2\/types\/page"}],"author":[{"embeddable":true,"href":"https:\/\/www.ilmenau.org\/sites\/wp-json\/wp\/v2\/users\/1"}],"replies":[{"embeddable":true,"href":"https:\/\/www.ilmenau.org\/sites\/wp-json\/wp\/v2\/comments?post=1296"}],"version-history":[{"count":33,"href":"https:\/\/www.ilmenau.org\/sites\/wp-json\/wp\/v2\/pages\/1296\/revisions"}],"predecessor-version":[{"id":2130,"href":"https:\/\/www.ilmenau.org\/sites\/wp-json\/wp\/v2\/pages\/1296\/revisions\/2130"}],"wp:attachment":[{"href":"https:\/\/www.ilmenau.org\/sites\/wp-json\/wp\/v2\/media?parent=1296"}],"curies":[{"name":"wp","href":"https:\/\/api.w.org\/{rel}","templated":true}]}}